{"id":2,"date":"2021-02-11T17:46:19","date_gmt":"2021-02-11T16:46:19","guid":{"rendered":"http:\/\/lkermorgant.fr\/?page_id=2"},"modified":"2021-04-21T17:26:34","modified_gmt":"2021-04-21T15:26:34","slug":"page-d-exemple","status":"publish","type":"page","link":"https:\/\/lkermorgant.fr\/?page_id=2","title":{"rendered":"\u00c0 propos"},"content":{"rendered":"\t\t<div data-elementor-type=\"wp-page\" data-elementor-id=\"2\" class=\"elementor elementor-2\" data-elementor-settings=\"[]\">\n\t\t\t\t\t\t\t<div class=\"elementor-section-wrap\">\n\t\t\t\t\t\t\t<section class=\"elementor-section elementor-top-section elementor-element elementor-element-bdc752 elementor-section-boxed elementor-section-height-default elementor-section-height-default\" data-id=\"bdc752\" data-element_type=\"section\">\n\t\t\t\t\t\t<div class=\"elementor-container elementor-column-gap-default\">\n\t\t\t\t\t<div class=\"elementor-column elementor-col-100 elementor-top-column elementor-element elementor-element-3dd6c236\" data-id=\"3dd6c236\" data-element_type=\"column\">\n\t\t\t<div class=\"elementor-widget-wrap elementor-element-populated\">\n\t\t\t\t\t\t\t\t<div class=\"elementor-element elementor-element-659e399 elementor-widget elementor-widget-heading\" data-id=\"659e399\" data-element_type=\"widget\" data-widget_type=\"heading.default\">\n\t\t\t\t<div class=\"elementor-widget-container\">\n\t\t\t<h2 class=\"elementor-heading-title elementor-size-default\">Histoire du g\u00eete CRAOU BIHAN<br><\/h2>\t\t<\/div>\n\t\t\t\t<\/div>\n\t\t\t\t<section class=\"elementor-section elementor-inner-section elementor-element elementor-element-8dd6d90 elementor-section-boxed elementor-section-height-default elementor-section-height-default\" data-id=\"8dd6d90\" data-element_type=\"section\">\n\t\t\t\t\t\t<div class=\"elementor-container elementor-column-gap-default\">\n\t\t\t\t\t<div class=\"elementor-column elementor-col-50 elementor-inner-column elementor-element elementor-element-fc112b9\" data-id=\"fc112b9\" data-element_type=\"column\">\n\t\t\t<div class=\"elementor-widget-wrap elementor-element-populated\">\n\t\t\t\t\t\t\t\t<div class=\"elementor-element elementor-element-af7aa03 elementor-widget elementor-widget-image\" data-id=\"af7aa03\" data-element_type=\"widget\" data-widget_type=\"image.default\">\n\t\t\t\t<div class=\"elementor-widget-container\">\n\t\t\t\t\t\t\t\t\t\t\t\t<figure class=\"wp-caption\">\n\t\t\t\t\t\t\t\t\t\t<img width=\"300\" height=\"148\" src=\"https:\/\/i2.wp.com\/lkermorgant.fr\/wp-content\/uploads\/2021\/03\/VUE-CORPS-DE-FERME-AVANT-TRAVAUX.png?fit=300%2C148&amp;ssl=1\" class=\"attachment-medium size-medium\" alt=\"%name \u00c0 propos\" loading=\"lazy\" srcset=\"https:\/\/i2.wp.com\/lkermorgant.fr\/wp-content\/uploads\/2021\/03\/VUE-CORPS-DE-FERME-AVANT-TRAVAUX.png?w=695&amp;ssl=1 695w, https:\/\/i2.wp.com\/lkermorgant.fr\/wp-content\/uploads\/2021\/03\/VUE-CORPS-DE-FERME-AVANT-TRAVAUX.png?resize=300%2C148&amp;ssl=1 300w\" sizes=\"(max-width: 300px) 100vw, 300px\" title=\"\u00c0 propos\" \/>\t\t\t\t\t\t\t\t\t\t\t<figcaption class=\"widget-image-caption wp-caption-text\"><\/figcaption>\n\t\t\t\t\t\t\t\t\t\t<\/figure>\n\t\t\t\t\t\t\t\t\t<\/div>\n\t\t\t\t<\/div>\n\t\t\t\t\t<\/div>\n\t\t<\/div>\n\t\t\t\t<div class=\"elementor-column elementor-col-50 elementor-inner-column elementor-element elementor-element-766fb40\" data-id=\"766fb40\" data-element_type=\"column\">\n\t\t\t<div class=\"elementor-widget-wrap elementor-element-populated\">\n\t\t\t\t\t\t\t\t<div class=\"elementor-element elementor-element-56d2bf6 elementor-widget elementor-widget-image\" data-id=\"56d2bf6\" data-element_type=\"widget\" data-widget_type=\"image.default\">\n\t\t\t\t<div class=\"elementor-widget-container\">\n\t\t\t\t\t\t\t\t\t\t\t\t<figure class=\"wp-caption\">\n\t\t\t\t\t\t\t\t\t\t<img width=\"210\" height=\"284\" src=\"https:\/\/i1.wp.com\/lkermorgant.fr\/wp-content\/uploads\/2021\/03\/TRAVAUX-GITE-CRAOU-BIHAN.png?fit=210%2C284&amp;ssl=1\" class=\"attachment-medium size-medium\" alt=\"%name \u00c0 propos\" loading=\"lazy\" title=\"\u00c0 propos\" \/>\t\t\t\t\t\t\t\t\t\t\t<figcaption class=\"widget-image-caption wp-caption-text\"><\/figcaption>\n\t\t\t\t\t\t\t\t\t\t<\/figure>\n\t\t\t\t\t\t\t\t\t<\/div>\n\t\t\t\t<\/div>\n\t\t\t\t\t<\/div>\n\t\t<\/div>\n\t\t\t\t\t\t\t<\/div>\n\t\t<\/section>\n\t\t\t\t<div class=\"elementor-element elementor-element-7babbde elementor-widget elementor-widget-spacer\" data-id=\"7babbde\" data-element_type=\"widget\" data-widget_type=\"spacer.default\">\n\t\t\t\t<div class=\"elementor-widget-container\">\n\t\t\t\t\t<div class=\"elementor-spacer\">\n\t\t\t<div class=\"elementor-spacer-inner\"><\/div>\n\t\t<\/div>\n\t\t\t\t<\/div>\n\t\t\t\t<\/div>\n\t\t\t\t<div class=\"elementor-element elementor-element-e8c697d elementor-widget elementor-widget-heading\" data-id=\"e8c697d\" data-element_type=\"widget\" data-widget_type=\"heading.default\">\n\t\t\t\t<div class=\"elementor-widget-container\">\n\t\t\t<h3 class=\"elementor-heading-title elementor-size-default\">Histoire de la r\u00e9novation du corps de ferme familial<\/h3>\t\t<\/div>\n\t\t\t\t<\/div>\n\t\t\t\t<div class=\"elementor-element elementor-element-2edb046d elementor-widget elementor-widget-text-editor\" data-id=\"2edb046d\" data-element_type=\"widget\" data-widget_type=\"text-editor.default\">\n\t\t\t\t<div class=\"elementor-widget-container\">\n\t\t\t\t\t\t\t\t<p><!-- wp:paragraph --><\/p>\n<h2><strong><span style=\"font-size: 15px; color: #333333;\">Le g\u00eete CRAOU BIHAN (petite cr\u00e8che en breton) a \u00e9t\u00e9 r\u00e9nov\u00e9 dans le cadre d\u2019un projet familial\u00a0 en 2012-2013.<\/span><\/strong><\/h2>\n<p>Le<strong> corps de ferm<\/strong>e parental \u00e9tait inhabit\u00e9 depuis quelques ann\u00e9es, suite au d\u00e9c\u00e8s de notre grand-p\u00e8re Marcel. Nos parents nous ont demand\u00e9 de prendre une d\u00e9cision collective\u00a0:<\/p>\n<ul>\n<li>conserver et <strong>restaurer<\/strong> les b\u00e2timents de notre enfance ;<\/li>\n<li>ou les laisser mettre en vente la propri\u00e9t\u00e9.<\/li>\n<\/ul>\n<p>Le corps de ferme de notre enfance se d\u00e9compose ainsi :\u00a0<\/p>\n<ul>\n<li>La \u00ab\u00a0VIEILLE MAISON\u00a0\u00bb,\u00a0 b\u00e2timent central appel\u00e9 ainsi autrefois, par opposition \u00e0 la maison \u00ab\u2009neuve\u2009\u00bb construite en 1980 ;<\/li>\n<li>LOCH TOUL (grange trou\u00e9e), la CRAOU SAOUT (cr\u00e8che des vaches), la CRAOU KEZEG (\u00e9curie), tous trois situ\u00e9s sur la gauche de l&rsquo;habitation principale ;<\/li>\n<li><a href=\"https:\/\/lkermorgant.fr\/?page_id=274\">CRAOU BIHAN<\/a> (petite cr\u00e8che) compos\u00e9e de deux granges situ\u00e9es sur la droite de la maison principale, avec le four \u00e0 pain vou\u00e9 \u00e0 l\u2019activit\u00e9 de forgeron de notre p\u00e8re dans les ann\u00e9es 1970-1990.<\/li>\n<\/ul>\n<p>L\u2019 ann\u00e9e 2011 fut l\u2019ann\u00e9e de la r\u00e9flexion et de l\u2019\u00e9laboration du projet global <span style=\"font-size: 15px;\">entre les trois s\u0153urs. Une architecte DPLG a \u00e9t\u00e9 retenue pour mener la r\u00e9novation. Comment tirer profit de l\u2019existant o\u00f9 nous avions v\u00e9cu nos ann\u00e9es d\u2019enfance ?\u00a0 Comment moderniser et apporter le <strong>confort<\/strong> qui manquait ? Et s<\/span>ans pour autant casser la structure, les ouvertures de portes et fen\u00eatres\u2009?<span style=\"font-size: 15px;\"> Nous souhaitions en effet conserver la configuration d\u2019<strong>origine. <\/strong>Le recyclage\u00a0 de quelques meubles a aussi \u00e9t\u00e9 retenu, <strong>souvenirs de notre enfance.<\/strong><\/span><\/p>\n<p>Nous avons aussi r\u00e9agenc\u00e9 les ext\u00e9rieurs. Ainsi, l\u2019ancienne cour de ferme et les d\u00e9pendances annexes (cabanes \u00e0 cochons) peuvent accueillir 3 <strong>g\u00eetes 4 \u00e9pis. <\/strong>Chacun dispose de son propre acc\u00e8s et d&rsquo;un petit <strong>jardin clos.<\/strong><\/p>\n<p>Nous sommes tous tr\u00e8s fiers d\u2019\u00eatre parvenus \u00e0 un r\u00e9sultat int\u00e9ressant et attachant, m\u00eame si nous en sommes encore \u00e0 50 % de la r\u00e9alisation\u2026<\/p>\n<p><!-- \/wp:paragraph --><\/p>\t\t\t\t\t\t<\/div>\n\t\t\t\t<\/div>\n\t\t\t\t<div class=\"elementor-element elementor-element-44c75af elementor-widget elementor-widget-heading\" data-id=\"44c75af\" data-element_type=\"widget\" data-widget_type=\"heading.default\">\n\t\t\t\t<div class=\"elementor-widget-container\">\n\t\t\t<h3 class=\"elementor-heading-title elementor-size-default\"><h3 data-elementor-setting-key=\"title\" data-pen-placeholder=\"\u00c9crivez ici...\" style=\"font-variant-ligatures: normal; font-variant-caps: normal; font-style: normal; text-shadow: rgba(0, 0, 0, 0.3) 0px 0px 10px;\">Craou Bihan, la petite cr\u00e8che : un hommage \u00e0 mes grands-parents<\/h3><\/h3>\t\t<\/div>\n\t\t\t\t<\/div>\n\t\t\t\t<div class=\"elementor-element elementor-element-4330953 elementor-widget elementor-widget-text-editor\" data-id=\"4330953\" data-element_type=\"widget\" data-widget_type=\"text-editor.default\">\n\t\t\t\t<div class=\"elementor-widget-container\">\n\t\t\t\t\t\t\t\t<p><!-- wp:paragraph --><\/p>\n<p>\u00c0 chaque fois que nous prenons un repas avec mes parents Marie H\u00e9l\u00e8ne et Roger, \u00e0 <a href=\"https:\/\/lkermorgant.fr\/?page_id=274\">CRAOU BIHAN,<\/a> nous pensons \u00e0 notre grand-p\u00e8re Marcel Alix. Il se tenait souvent l\u00e0, devant le four \u00e0 pain, fabriquant des paniers en osier ou \u00e9pluchant des l\u00e9gumes de son potager. Il a aussi dormi pendant des ann\u00e9es l\u00e0 o\u00f9 nous disposons d\u00e9sormais d&rsquo;une pi\u00e8ce de vie.<\/p>\n<p>Notre grand-m\u00e8re H\u00e9l\u00e8ne est d\u00e9c\u00e9d\u00e9e \u00e0 67 ans en 1981. Elle n\u2019a pas pu imaginer ce que nous allions cr\u00e9er. Elle avait plant\u00e9 il y a plus de\u00a0 40 ans, une branche de buis devenue arbre. Peut-\u00eatre sommes-nous parvenus \u00e0 r\u00e9aliser son r\u00eave ! Nous avons cr\u00e9\u00e9 un jardin autour de ce buis. C\u2019est un hommage particulier que nous souhaitons lui rendre. C&rsquo;est elle qui m\u2019a initi\u00e9e au jardinage quand j\u2019avais 10 ans. C&rsquo;est avec elle que j\u2019ai particip\u00e9 au concours des maisons fleuries pour cette m\u00eame cour de ferme. C\u2019est elle encore qui m\u2019accompagnait dans mes semis et arrosages des \u00ab\u2009gueules de loup\u2009\u00bb, des \u00ab\u2009monnaies du pape\u2009\u00bb ou des \u00ab\u2009soucis\u2009\u00bb, dans le jardin familial.<\/p>\n<p>Il aura fallu attendre plus de 30 ans pour que le petit terrain arbor\u00e9 de CRAOU BIHAN soit d\u00e9frich\u00e9 et dompt\u00e9. Seuls les arbres ont \u00e9t\u00e9 conserv\u00e9s, pour leur c\u00f4t\u00e9 si naturel. Ils apportent une touche de verdure et de sous-bois ind\u00e9finissable quand arrive le printemps.<\/p>\n<p>Nous esp\u00e9rons que vous passerez d\u2019<strong>agr\u00e9ables vacances<\/strong> \u00e0 <a href=\"https:\/\/lkermorgant.fr\/?page_id=274\"><strong>CRAOU BIHAN<\/strong><\/a>, berc\u00e9s par la brise bretonne et dans la qui\u00e9tude des<strong> vieilles pierres<\/strong> de <strong>LEZARGOL.<\/strong><\/p>\n<p><!-- \/wp:paragraph --><\/p>\t\t\t\t\t\t<\/div>\n\t\t\t\t<\/div>\n\t\t\t\t\t<\/div>\n\t\t<\/div>\n\t\t\t\t\t\t\t<\/div>\n\t\t<\/section>\n\t\t\t\t\t\t<\/div>\n\t\t\t\t\t<\/div>\n\t\t","protected":false},"excerpt":{"rendered":"<p>Histoire du g\u00eete CRAOU BIHAN Histoire de la r\u00e9novation du corps de ferme familial Le g\u00eete CRAOU BIHAN (petite cr\u00e8che en breton) a \u00e9t\u00e9 r\u00e9nov\u00e9 dans le cadre d\u2019un projet familial\u00a0 en 2012-2013. Le corps de ferme parental \u00e9tait inhabit\u00e9 depuis quelques ann\u00e9es, suite au d\u00e9c\u00e8s de notre grand-p\u00e8re Marcel. Nos parents nous ont demand\u00e9 [&hellip;]<\/p>\n","protected":false},"author":1,"featured_media":0,"parent":0,"menu_order":0,"comment_status":"closed","ping_status":"open","template":"","meta":{"spay_email":""},"yoast_head":"<!-- This site is optimized with the Yoast SEO plugin v16.8 - https:\/\/yoast.com\/wordpress\/plugins\/seo\/ -->\n<title>\u00c0 propos - G\u00eete Craou Bihan \u00e0 Argol, presqu&#039;\u00eele de Crozon<\/title>\n<meta name=\"robots\" content=\"index, follow, max-snippet:-1, max-image-preview:large, max-video-preview:-1\" \/>\n<link rel=\"canonical\" href=\"https:\/\/lkermorgant.fr\/?page_id=2\" \/>\n<meta property=\"og:locale\" content=\"fr_FR\" \/>\n<meta property=\"og:type\" content=\"article\" \/>\n<meta property=\"og:title\" content=\"\u00c0 propos - G\u00eete Craou Bihan \u00e0 Argol, presqu&#039;\u00eele de Crozon\" \/>\n<meta property=\"og:description\" content=\"Histoire du g\u00eete CRAOU BIHAN Histoire de la r\u00e9novation du corps de ferme familial Le g\u00eete CRAOU BIHAN (petite cr\u00e8che en breton) a \u00e9t\u00e9 r\u00e9nov\u00e9 dans le cadre d\u2019un projet familial\u00a0 en 2012-2013. Le corps de ferme parental \u00e9tait inhabit\u00e9 depuis quelques ann\u00e9es, suite au d\u00e9c\u00e8s de notre grand-p\u00e8re Marcel. Nos parents nous ont demand\u00e9 [&hellip;]\" \/>\n<meta property=\"og:url\" content=\"https:\/\/lkermorgant.fr\/?page_id=2\" \/>\n<meta property=\"og:site_name\" content=\"G\u00eete Craou Bihan \u00e0 Argol, presqu&#039;\u00eele de Crozon\" \/>\n<meta property=\"article:modified_time\" content=\"2021-04-21T15:26:34+00:00\" \/>\n<meta property=\"og:image\" content=\"https:\/\/lkermorgant.fr\/wp-content\/uploads\/2021\/03\/VUE-CORPS-DE-FERME-AVANT-TRAVAUX-300x148.png\" \/>\n<meta name=\"twitter:card\" content=\"summary_large_image\" \/>\n<meta name=\"twitter:label1\" content=\"Dur\u00e9e de lecture est.\" \/>\n\t<meta name=\"twitter:data1\" content=\"3 minutes\" \/>\n<script type=\"application\/ld+json\" class=\"yoast-schema-graph\">{\"@context\":\"https:\/\/schema.org\",\"@graph\":[{\"@type\":[\"Person\",\"Organization\"],\"@id\":\"https:\/\/lkermorgant.fr\/#\/schema\/person\/4702a84059b134dd8c0c9ba540c90e4d\",\"name\":\"GITE CRAOU BIHAN\",\"image\":{\"@type\":\"ImageObject\",\"@id\":\"https:\/\/lkermorgant.fr\/#personlogo\",\"inLanguage\":\"fr-FR\",\"url\":\"https:\/\/lkermorgant.fr\/wp-content\/uploads\/2021\/03\/salon-escalier-gite-craou-bihan-scaled.jpg\",\"contentUrl\":\"https:\/\/lkermorgant.fr\/wp-content\/uploads\/2021\/03\/salon-escalier-gite-craou-bihan-scaled.jpg\",\"width\":2560,\"height\":1920,\"caption\":\"GITE CRAOU BIHAN\"},\"logo\":{\"@id\":\"https:\/\/lkermorgant.fr\/#personlogo\"},\"sameAs\":[\"http:\/\/lkermorgant.fr\"]},{\"@type\":\"WebSite\",\"@id\":\"https:\/\/lkermorgant.fr\/#website\",\"url\":\"https:\/\/lkermorgant.fr\/\",\"name\":\"G\\u00eete Craou Bihan \\u00e0 Argol, presqu&#039;\\u00eele de Crozon\",\"description\":\"G\\u00eete de France 4 \\u00e9pis, situ\\u00e9 \\u00e0 Lezargol, pr\\u00e8s de la mer, FINISTERE, BRETAGNE\",\"publisher\":{\"@id\":\"https:\/\/lkermorgant.fr\/#\/schema\/person\/4702a84059b134dd8c0c9ba540c90e4d\"},\"potentialAction\":[{\"@type\":\"SearchAction\",\"target\":{\"@type\":\"EntryPoint\",\"urlTemplate\":\"https:\/\/lkermorgant.fr\/?s={search_term_string}\"},\"query-input\":\"required name=search_term_string\"}],\"inLanguage\":\"fr-FR\"},{\"@type\":\"ImageObject\",\"@id\":\"https:\/\/lkermorgant.fr\/?page_id=2#primaryimage\",\"inLanguage\":\"fr-FR\",\"url\":\"https:\/\/i2.wp.com\/lkermorgant.fr\/wp-content\/uploads\/2021\/03\/VUE-CORPS-DE-FERME-AVANT-TRAVAUX.png?fit=695%2C342&ssl=1\",\"contentUrl\":\"https:\/\/i2.wp.com\/lkermorgant.fr\/wp-content\/uploads\/2021\/03\/VUE-CORPS-DE-FERME-AVANT-TRAVAUX.png?fit=695%2C342&ssl=1\",\"width\":695,\"height\":342},{\"@type\":\"WebPage\",\"@id\":\"https:\/\/lkermorgant.fr\/?page_id=2#webpage\",\"url\":\"https:\/\/lkermorgant.fr\/?page_id=2\",\"name\":\"\\u00c0 propos - G\\u00eete Craou Bihan \\u00e0 Argol, presqu&#039;\\u00eele de Crozon\",\"isPartOf\":{\"@id\":\"https:\/\/lkermorgant.fr\/#website\"},\"primaryImageOfPage\":{\"@id\":\"https:\/\/lkermorgant.fr\/?page_id=2#primaryimage\"},\"datePublished\":\"2021-02-11T16:46:19+00:00\",\"dateModified\":\"2021-04-21T15:26:34+00:00\",\"breadcrumb\":{\"@id\":\"https:\/\/lkermorgant.fr\/?page_id=2#breadcrumb\"},\"inLanguage\":\"fr-FR\",\"potentialAction\":[{\"@type\":\"ReadAction\",\"target\":[\"https:\/\/lkermorgant.fr\/?page_id=2\"]}]},{\"@type\":\"BreadcrumbList\",\"@id\":\"https:\/\/lkermorgant.fr\/?page_id=2#breadcrumb\",\"itemListElement\":[{\"@type\":\"ListItem\",\"position\":1,\"name\":\"Accueil\",\"item\":\"https:\/\/lkermorgant.fr\/\"},{\"@type\":\"ListItem\",\"position\":2,\"name\":\"\\u00c0 propos\"}]}]}<\/script>\n<!-- \/ Yoast SEO plugin. -->","yoast_head_json":{"title":"\u00c0 propos - G\u00eete Craou Bihan \u00e0 Argol, presqu&#039;\u00eele de Crozon","robots":{"index":"index","follow":"follow","max-snippet":"max-snippet:-1","max-image-preview":"max-image-preview:large","max-video-preview":"max-video-preview:-1"},"canonical":"https:\/\/lkermorgant.fr\/?page_id=2","og_locale":"fr_FR","og_type":"article","og_title":"\u00c0 propos - G\u00eete Craou Bihan \u00e0 Argol, presqu&#039;\u00eele de Crozon","og_description":"Histoire du g\u00eete CRAOU BIHAN Histoire de la r\u00e9novation du corps de ferme familial Le g\u00eete CRAOU BIHAN (petite cr\u00e8che en breton) a \u00e9t\u00e9 r\u00e9nov\u00e9 dans le cadre d\u2019un projet familial\u00a0 en 2012-2013. Le corps de ferme parental \u00e9tait inhabit\u00e9 depuis quelques ann\u00e9es, suite au d\u00e9c\u00e8s de notre grand-p\u00e8re Marcel. Nos parents nous ont demand\u00e9 [&hellip;]","og_url":"https:\/\/lkermorgant.fr\/?page_id=2","og_site_name":"G\u00eete Craou Bihan \u00e0 Argol, presqu&#039;\u00eele de Crozon","article_modified_time":"2021-04-21T15:26:34+00:00","og_image":[{"url":"https:\/\/lkermorgant.fr\/wp-content\/uploads\/2021\/03\/VUE-CORPS-DE-FERME-AVANT-TRAVAUX-300x148.png"}],"twitter_card":"summary_large_image","twitter_misc":{"Dur\u00e9e de lecture est.":"3 minutes"},"schema":{"@context":"https:\/\/schema.org","@graph":[{"@type":["Person","Organization"],"@id":"https:\/\/lkermorgant.fr\/#\/schema\/person\/4702a84059b134dd8c0c9ba540c90e4d","name":"GITE CRAOU BIHAN","image":{"@type":"ImageObject","@id":"https:\/\/lkermorgant.fr\/#personlogo","inLanguage":"fr-FR","url":"https:\/\/lkermorgant.fr\/wp-content\/uploads\/2021\/03\/salon-escalier-gite-craou-bihan-scaled.jpg","contentUrl":"https:\/\/lkermorgant.fr\/wp-content\/uploads\/2021\/03\/salon-escalier-gite-craou-bihan-scaled.jpg","width":2560,"height":1920,"caption":"GITE CRAOU BIHAN"},"logo":{"@id":"https:\/\/lkermorgant.fr\/#personlogo"},"sameAs":["http:\/\/lkermorgant.fr"]},{"@type":"WebSite","@id":"https:\/\/lkermorgant.fr\/#website","url":"https:\/\/lkermorgant.fr\/","name":"G\u00eete Craou Bihan \u00e0 Argol, presqu&#039;\u00eele de Crozon","description":"G\u00eete de France 4 \u00e9pis, situ\u00e9 \u00e0 Lezargol, pr\u00e8s de la mer, FINISTERE, BRETAGNE","publisher":{"@id":"https:\/\/lkermorgant.fr\/#\/schema\/person\/4702a84059b134dd8c0c9ba540c90e4d"},"potentialAction":[{"@type":"SearchAction","target":{"@type":"EntryPoint","urlTemplate":"https:\/\/lkermorgant.fr\/?s={search_term_string}"},"query-input":"required name=search_term_string"}],"inLanguage":"fr-FR"},{"@type":"ImageObject","@id":"https:\/\/lkermorgant.fr\/?page_id=2#primaryimage","inLanguage":"fr-FR","url":"https:\/\/i2.wp.com\/lkermorgant.fr\/wp-content\/uploads\/2021\/03\/VUE-CORPS-DE-FERME-AVANT-TRAVAUX.png?fit=695%2C342&ssl=1","contentUrl":"https:\/\/i2.wp.com\/lkermorgant.fr\/wp-content\/uploads\/2021\/03\/VUE-CORPS-DE-FERME-AVANT-TRAVAUX.png?fit=695%2C342&ssl=1","width":695,"height":342},{"@type":"WebPage","@id":"https:\/\/lkermorgant.fr\/?page_id=2#webpage","url":"https:\/\/lkermorgant.fr\/?page_id=2","name":"\u00c0 propos - G\u00eete Craou Bihan \u00e0 Argol, presqu&#039;\u00eele de Crozon","isPartOf":{"@id":"https:\/\/lkermorgant.fr\/#website"},"primaryImageOfPage":{"@id":"https:\/\/lkermorgant.fr\/?page_id=2#primaryimage"},"datePublished":"2021-02-11T16:46:19+00:00","dateModified":"2021-04-21T15:26:34+00:00","breadcrumb":{"@id":"https:\/\/lkermorgant.fr\/?page_id=2#breadcrumb"},"inLanguage":"fr-FR","potentialAction":[{"@type":"ReadAction","target":["https:\/\/lkermorgant.fr\/?page_id=2"]}]},{"@type":"BreadcrumbList","@id":"https:\/\/lkermorgant.fr\/?page_id=2#breadcrumb","itemListElement":[{"@type":"ListItem","position":1,"name":"Accueil","item":"https:\/\/lkermorgant.fr\/"},{"@type":"ListItem","position":2,"name":"\u00c0 propos"}]}]}},"_links":{"self":[{"href":"https:\/\/lkermorgant.fr\/index.php?rest_route=\/wp\/v2\/pages\/2"}],"collection":[{"href":"https:\/\/lkermorgant.fr\/index.php?rest_route=\/wp\/v2\/pages"}],"about":[{"href":"https:\/\/lkermorgant.fr\/index.php?rest_route=\/wp\/v2\/types\/page"}],"author":[{"embeddable":true,"href":"https:\/\/lkermorgant.fr\/index.php?rest_route=\/wp\/v2\/users\/1"}],"replies":[{"embeddable":true,"href":"https:\/\/lkermorgant.fr\/index.php?rest_route=%2Fwp%2Fv2%2Fcomments&post=2"}],"version-history":[{"count":50,"href":"https:\/\/lkermorgant.fr\/index.php?rest_route=\/wp\/v2\/pages\/2\/revisions"}],"predecessor-version":[{"id":1041,"href":"https:\/\/lkermorgant.fr\/index.php?rest_route=\/wp\/v2\/pages\/2\/revisions\/1041"}],"wp:attachment":[{"href":"https:\/\/lkermorgant.fr\/index.php?rest_route=%2Fwp%2Fv2%2Fmedia&parent=2"}],"curies":[{"name":"wp","href":"https:\/\/api.w.org\/{rel}","templated":true}]}}